{"id":320,"date":"2025-03-17T09:52:57","date_gmt":"2025-03-17T09:52:57","guid":{"rendered":"https:\/\/fondationpdh.org\/?page_id=320"},"modified":"2025-05-30T07:22:46","modified_gmt":"2025-05-30T07:22:46","slug":"politique-legale","status":"publish","type":"page","link":"https:\/\/fondationpdh.org\/fr\/politique-legale\/","title":{"rendered":"Politique l\u00e9gale"},"content":{"rendered":"\t\t<div data-elementor-type=\"wp-page\" data-elementor-id=\"320\" class=\"elementor elementor-320 elementor-174\" data-elementor-post-type=\"page\">\n\t\t\t\t<div class=\"elementor-element elementor-element-4667956 e-flex e-con-boxed e-con e-parent\" data-id=\"4667956\" data-element_type=\"container\" data-e-type=\"container\">\n\t\t\t\t\t<div class=\"e-con-inner\">\n\t\t\t\t<div class=\"elementor-element elementor-element-5e46051 elementor-widget elementor-widget-heading\" data-id=\"5e46051\" data-element_type=\"widget\" data-e-type=\"widget\" data-widget_type=\"heading.default\">\n\t\t\t\t<div class=\"elementor-widget-container\">\n\t\t\t\t\t<h2 class=\"elementor-heading-title elementor-size-default\">Politique l\u00e9gale<\/h2>\t\t\t\t<\/div>\n\t\t\t\t<\/div>\n\t\t\t\t\t<\/div>\n\t\t\t\t<\/div>\n\t\t<div class=\"elementor-element elementor-element-8e77dfb e-flex e-con-boxed e-con e-parent\" data-id=\"8e77dfb\" data-element_type=\"container\" data-e-type=\"container\">\n\t\t\t\t\t<div class=\"e-con-inner\">\n\t\t\t\t<div class=\"elementor-element elementor-element-959f7c2 elementor-widget elementor-widget-text-editor\" data-id=\"959f7c2\" data-element_type=\"widget\" data-e-type=\"widget\" data-widget_type=\"text-editor.default\">\n\t\t\t\t<div class=\"elementor-widget-container\">\n\t\t\t\t\t\t\t\t\t<p><strong>Politique l\u00e9gale<\/strong><\/p>\n<p>Ce site web est la propri\u00e9t\u00e9 de la <strong>Fondation Peter De Haan<\/strong>, dont le si\u00e8ge social est situ\u00e9 <strong>Rue du Rh\u00f4ne 14, c\/o Walder Wyss SA, succursale de Gen\u00e8ve, 1204 Gen\u00e8ve, Suisse<\/strong>. Num\u00e9ro d&rsquo;identification fiscale : <strong>081.352.162<\/strong>. E-mail : <strong><a href=\"mailto:info@fondationpdh.org\">info@fondationpdh.org<\/a><\/strong>.<\/p>\n<p>En naviguant sur ce site, vous acceptez nos conditions g\u00e9n\u00e9rales d\u2019utilisation, sauf dispositions sp\u00e9cifiques pouvant s\u2019appliquer \u00e0 certains services pr\u00e9sents sur ce site.<\/p>\n<p>Pour acc\u00e9der \u00e0 nos services, vous d\u00e9clarez \u00eatre majeur et disposer de la capacit\u00e9 juridique selon la l\u00e9gislation en vigueur dans votre pays.<\/p>\n<p>Les pr\u00e9sentes <strong>Conditions G\u00e9n\u00e9rales d\u2019Utilisation<\/strong> r\u00e9gissent l\u2019acc\u00e8s et l\u2019utilisation du site internet, dont l\u2019objectif est de servir de portail vers la <strong>Fondation Peter De Haan<\/strong> et ses projets, en offrant aux Utilisateurs des informations, des services et des contenus via le site. Les Utilisateurs peuvent y acc\u00e9der \u00e0 des informations sur des produits et services sp\u00e9cifiques, des outils et des applications.<\/p>\n<p>Les Utilisateurs s\u2019engagent \u00e0 faire un usage appropri\u00e9 des contenus, services, applications et outils accessibles, dans le respect de la Loi, des pr\u00e9sentes Conditions G\u00e9n\u00e9rales d\u2019Utilisation, et le cas \u00e9ch\u00e9ant, des conditions particuli\u00e8res qui pourraient \u00eatre \u00e9tablies pour certains services et applications, en respectant les autres Utilisateurs du site en tout temps.<\/p>\n<p>En cas de non-respect total ou partiel des pr\u00e9sentes Conditions G\u00e9n\u00e9rales d\u2019Utilisation, la <strong>Fondation Peter De Haan<\/strong> se r\u00e9serve le droit de refuser l\u2019acc\u00e8s \u00e0 l\u2019Utilisateur, sans pr\u00e9avis.<\/p>\n<p><strong>Propri\u00e9t\u00e9 intellectuelle et industrielle<\/strong><\/p>\n<p>La propri\u00e9t\u00e9 intellectuelle appartient \u00e0 la <strong>Fondation Peter De Haan<\/strong>. Le site web, sa programmation, les pages qu\u2019il contient et les \u00e9l\u00e9ments ou informations qui y sont pr\u00e9sents (y compris, sans s\u2019y limiter, les textes, documents, photographies, dessins et repr\u00e9sentations graphiques), ainsi que les logos, marques, noms commerciaux ou autres signes distinctifs, sont prot\u00e9g\u00e9s par des droits de propri\u00e9t\u00e9 intellectuelle ou industrielle, dont la Fondation est titulaire ou pour lesquels elle dispose d\u2019une autorisation d\u2019utilisation et de communication publique des titulaires l\u00e9gitimes.<\/p>\n<p>\u00c0 ce titre, nous ne nous opposons pas au t\u00e9l\u00e9chargement de contenus \u00e0 partir de ce site, \u00e0 condition que ce ne soit pas \u00e0 des fins commerciales ou ill\u00e9gales, et que l\u2019int\u00e9grit\u00e9 de ces contenus ne soit ni modifi\u00e9e ni alt\u00e9r\u00e9e. En somme, nous vous demandons de ne pas exploiter commercialement nos contenus ni de les modifier pour vous les approprier. En tant qu\u2019Utilisateur, vous vous engagez \u00e0 utiliser ces contenus de mani\u00e8re diligente et correcte, conform\u00e9ment \u00e0 la loi, \u00e0 la morale et \u00e0 l\u2019ordre public.<\/p>\n<p>La <strong>Fondation Peter De Haan<\/strong> n\u2019est pas responsable des informations et contenus stock\u00e9s, notamment, sans s\u2019y limiter, dans les forums, chats, g\u00e9n\u00e9rateurs de blogs, commentaires, r\u00e9seaux sociaux ou tout autre moyen permettant \u00e0 des tiers de publier du contenu de mani\u00e8re ind\u00e9pendante sur notre site. Cependant, conform\u00e9ment aux dispositions des articles 11 et 16 de la LSSICE, nous collaborons activement avec les utilisateurs, les autorit\u00e9s et les forces de l\u2019ordre pour retirer ou, le cas \u00e9ch\u00e9ant, bloquer tous les contenus pouvant enfreindre la l\u00e9gislation nationale ou internationale, les droits de tiers, ou porter atteinte \u00e0 la morale ou \u00e0 l\u2019ordre public. Si vous estimez qu\u2019un contenu du site entre dans cette cat\u00e9gorie, merci de nous en informer imm\u00e9diatement.<\/p>\n<p>Nos serveurs peuvent d\u00e9tecter automatiquement l\u2019adresse IP et le nom de domaine utilis\u00e9s par les utilisateurs. Une adresse IP est un num\u00e9ro automatiquement attribu\u00e9 \u00e0 un ordinateur lorsqu\u2019il se connecte \u00e0 Internet. Toutes ces informations sont enregistr\u00e9es dans un fichier d\u2019activit\u00e9 du serveur afin de permettre le traitement ult\u00e9rieur des donn\u00e9es pour obtenir des mesures statistiques permettant de conna\u00eetre le nombre d\u2019impressions de pages, le nombre de visites, l\u2019ordre des visites, le point d\u2019acc\u00e8s, etc.<\/p>\n<p>Si n\u00e9cessaire, nous pourrons effectuer des modifications sur le site, y compris sur la navigation et les fonctionnalit\u00e9s, sans obligation de vous en informer. Certaines de ces modifications visent \u00e0 am\u00e9liorer l\u2019exp\u00e9rience utilisateur, mais elles peuvent aussi entra\u00eener des dysfonctionnements ou rendre la navigation difficile voire impossible.<\/p>\n<p>La <strong>Fondation Peter De Haan<\/strong> ne garantit pas un acc\u00e8s continu, ni l\u2019affichage, le t\u00e9l\u00e9chargement ou l\u2019utilisation correcte des \u00e9l\u00e9ments et informations pr\u00e9sents sur les pages du site, qui peuvent \u00eatre emp\u00each\u00e9s, ralentis ou interrompus par des facteurs ou circonstances ind\u00e9pendants de sa volont\u00e9, notamment en raison de la pr\u00e9sence de virus informatiques sur Internet.<\/p>\n<p>La <strong>Fondation Peter De Haan<\/strong> d\u00e9cline toute responsabilit\u00e9 quant aux dommages, pertes, r\u00e9clamations ou d\u00e9penses d\u00e9coulant de :<\/p>\n<p>(i) Interf\u00e9rences, interruptions, pannes, omissions, retards, blocages ou d\u00e9connexions caus\u00e9s par des erreurs sur les lignes ou r\u00e9seaux de t\u00e9l\u00e9communications ou par toute autre cause ind\u00e9pendante de la volont\u00e9 de la Fondation.<\/p>\n<p>(ii) Intrusions ill\u00e9gales par le biais de logiciels malveillants de toute nature et par tout moyen de communication, tels que des virus informatiques ou autres.<\/p>\n<p>(iii) Utilisation inappropri\u00e9e ou incorrecte du site web de la <strong>Fondation Peter De Haan<\/strong>.<\/p>\n<p>(iv) Erreurs de s\u00e9curit\u00e9 ou de navigation caus\u00e9es par un mauvais fonctionnement du navigateur ou l\u2019utilisation de versions obsol\u00e8tes.<\/p>\n<p>Les connexions et liens vers des sites web ou pages de tiers sont fournis uniquement pour la commodit\u00e9 des Utilisateurs. La <strong>Fondation Peter De Haan<\/strong> n\u2019assume aucune responsabilit\u00e9 \u00e0 leur \u00e9gard ni quant \u00e0 leur contenu.<\/p>\n<p>La <strong>Fondation Peter De Haan<\/strong> d\u00e9cline toute responsabilit\u00e9 li\u00e9e \u00e0 l\u2019existence de liens entre les contenus de ce site et des contenus situ\u00e9s en dehors de celui-ci ou toute autre mention de contenus externes. Ces liens ou mentions ont un but purement informatif et n\u2019impliquent en aucun cas un soutien, une approbation, une commercialisation ou une relation entre la <strong>Fondation Peter De Haan<\/strong> et les personnes ou entit\u00e9s auteurs et\/ou responsables de ces contenus ou titulaires des sites o\u00f9 ils se trouvent. Tout lien vers ce site n\u00e9cessite l\u2019autorisation \u00e9crite expresse des propri\u00e9taires du portail.<\/p>\n<p>Notre site est soumis au droit suisse et, en cas de litige ou de controverse d\u00e9coulant de son utilisation, les deux parties se soumettent \u00e0 la juridiction des <strong>tribunaux de Gen\u00e8ve (Suisse)<\/strong>. Cette clause de soumission expresse aux tribunaux de Gen\u00e8ve ne s\u2019applique pas en cas de litige avec des utilisateurs du site qui sont, selon la l\u00e9gislation en vigueur, des consommateurs. Dans ce cas, les deux parties seront soumises \u00e0 la juridiction des tribunaux du lieu de r\u00e9sidence du consommateur.<\/p>\t\t\t\t\t\t\t\t<\/div>\n\t\t\t\t<\/div>\n\t\t\t\t\t<\/div>\n\t\t\t\t<\/div>\n\t\t\t\t<\/div>\n\t\t","protected":false},"excerpt":{"rendered":"<p>Politique l\u00e9gale Politique l\u00e9gale Ce site web est la propri\u00e9t\u00e9 de la Fondation Peter De Haan, dont le si\u00e8ge social [&hellip;]<\/p>\n","protected":false},"author":2,"featured_media":0,"parent":0,"menu_order":0,"comment_status":"closed","ping_status":"closed","template":"","meta":{"site-sidebar-layout":"no-sidebar","site-content-layout":"","ast-site-content-layout":"full-width-container","site-content-style":"default","site-sidebar-style":"default","ast-global-header-display":"","ast-banner-title-visibility":"","ast-main-header-display":"","ast-hfb-above-header-display":"","ast-hfb-below-header-display":"","ast-hfb-mobile-header-display":"","site-post-title":"disabled","ast-breadcrumbs-content":"","ast-featured-img":"disabled","footer-sml-layout":"","ast-disable-related-posts":"","theme-transparent-header-meta":"","adv-header-id-meta":"","stick-header-meta":"","header-above-stick-meta":"","header-main-stick-meta":"","header-below-stick-meta":"","astra-migrate-meta-layouts":"default","ast-page-background-enabled":"default","ast-page-background-meta":{"desktop":{"background-color":"var(--ast-global-color-5)","background-image":"","background-repeat":"repeat","background-position":"center center","background-size":"auto","background-attachment":"scroll","background-type":"","background-media":"","overlay-type":"","overlay-color":"","overlay-opacity":"","overlay-gradient":""},"tablet":{"background-color":"","background-image":"","background-repeat":"repeat","background-position":"center center","background-size":"auto","background-attachment":"scroll","background-type":"","background-media":"","overlay-type":"","overlay-color":"","overlay-opacity":"","overlay-gradient":""},"mobile":{"background-color":"","background-image":"","background-repeat":"repeat","background-position":"center center","background-size":"auto","background-attachment":"scroll","background-type":"","background-media":"","overlay-type":"","overlay-color":"","overlay-opacity":"","overlay-gradient":""}},"ast-content-background-meta":{"desktop":{"background-color":"var(--ast-global-color-4)","background-image":"","background-repeat":"repeat","background-position":"center center","background-size":"auto","background-attachment":"scroll","background-type":"","background-media":"","overlay-type":"","overlay-color":"","overlay-opacity":"","overlay-gradient":""},"tablet":{"background-color":"var(--ast-global-color-4)","background-image":"","background-repeat":"repeat","background-position":"center center","background-size":"auto","background-attachment":"scroll","background-type":"","background-media":"","overlay-type":"","overlay-color":"","overlay-opacity":"","overlay-gradient":""},"mobile":{"background-color":"var(--ast-global-color-4)","background-image":"","background-repeat":"repeat","background-position":"center center","background-size":"auto","background-attachment":"scroll","background-type":"","background-media":"","overlay-type":"","overlay-color":"","overlay-opacity":"","overlay-gradient":""}},"footnotes":""},"class_list":["post-320","page","type-page","status-publish","hentry"],"yoast_head":"<!-- This site is optimized with the Yoast SEO plugin v27.2 - https:\/\/yoast.com\/product\/yoast-seo-wordpress\/ -->\n<title>Politique l\u00e9gale - Fondation Peter De Haan<\/title>\n<meta name=\"robots\" content=\"noindex, follow, max-snippet:-1, max-image-preview:large, max-video-preview:-1\" \/>\n<meta property=\"og:locale\" content=\"fr_FR\" \/>\n<meta property=\"og:type\" content=\"article\" \/>\n<meta property=\"og:title\" content=\"Politique l\u00e9gale - Fondation Peter De Haan\" \/>\n<meta property=\"og:description\" content=\"Politique l\u00e9gale Politique l\u00e9gale Ce site web est la propri\u00e9t\u00e9 de la Fondation Peter De Haan, dont le si\u00e8ge social [&hellip;]\" \/>\n<meta property=\"og:url\" content=\"https:\/\/fondationpdh.org\/fr\/politique-legale\/\" \/>\n<meta property=\"og:site_name\" content=\"Fondation Peter De Haan\" \/>\n<meta property=\"article:modified_time\" content=\"2025-05-30T07:22:46+00:00\" \/>\n<meta name=\"twitter:card\" content=\"summary_large_image\" \/>\n<meta name=\"twitter:label1\" content=\"Dur\u00e9e de lecture estim\u00e9e\" \/>\n\t<meta name=\"twitter:data1\" content=\"6 minutes\" \/>\n<script type=\"application\/ld+json\" class=\"yoast-schema-graph\">{\"@context\":\"https:\/\/schema.org\",\"@graph\":[{\"@type\":\"WebPage\",\"@id\":\"https:\/\/fondationpdh.org\/fr\/politique-legale\/\",\"url\":\"https:\/\/fondationpdh.org\/fr\/politique-legale\/\",\"name\":\"Politique l\u00e9gale - Fondation Peter De Haan\",\"isPartOf\":{\"@id\":\"https:\/\/fondationpdh.org\/fr\/#website\"},\"datePublished\":\"2025-03-17T09:52:57+00:00\",\"dateModified\":\"2025-05-30T07:22:46+00:00\",\"breadcrumb\":{\"@id\":\"https:\/\/fondationpdh.org\/fr\/politique-legale\/#breadcrumb\"},\"inLanguage\":\"fr-FR\",\"potentialAction\":[{\"@type\":\"ReadAction\",\"target\":[\"https:\/\/fondationpdh.org\/fr\/politique-legale\/\"]}]},{\"@type\":\"BreadcrumbList\",\"@id\":\"https:\/\/fondationpdh.org\/fr\/politique-legale\/#breadcrumb\",\"itemListElement\":[{\"@type\":\"ListItem\",\"position\":1,\"name\":\"Portada\",\"item\":\"https:\/\/fondationpdh.org\/fr\/\"},{\"@type\":\"ListItem\",\"position\":2,\"name\":\"Politique l\u00e9gale\"}]},{\"@type\":\"WebSite\",\"@id\":\"https:\/\/fondationpdh.org\/fr\/#website\",\"url\":\"https:\/\/fondationpdh.org\/fr\/\",\"name\":\"Fondation Peter De Haan\",\"description\":\"\",\"publisher\":{\"@id\":\"https:\/\/fondationpdh.org\/fr\/#organization\"},\"potentialAction\":[{\"@type\":\"SearchAction\",\"target\":{\"@type\":\"EntryPoint\",\"urlTemplate\":\"https:\/\/fondationpdh.org\/fr\/?s={search_term_string}\"},\"query-input\":{\"@type\":\"PropertyValueSpecification\",\"valueRequired\":true,\"valueName\":\"search_term_string\"}}],\"inLanguage\":\"fr-FR\"},{\"@type\":\"Organization\",\"@id\":\"https:\/\/fondationpdh.org\/fr\/#organization\",\"name\":\"Fondation Peter De Haan\",\"url\":\"https:\/\/fondationpdh.org\/fr\/\",\"logo\":{\"@type\":\"ImageObject\",\"inLanguage\":\"fr-FR\",\"@id\":\"https:\/\/fondationpdh.org\/fr\/#\/schema\/logo\/image\/\",\"url\":\"https:\/\/fondationpdh.org\/wp-content\/uploads\/2025\/03\/Isotype_PeterDeHaan.png\",\"contentUrl\":\"https:\/\/fondationpdh.org\/wp-content\/uploads\/2025\/03\/Isotype_PeterDeHaan.png\",\"width\":2116,\"height\":671,\"caption\":\"Fondation Peter De Haan\"},\"image\":{\"@id\":\"https:\/\/fondationpdh.org\/fr\/#\/schema\/logo\/image\/\"}}]}<\/script>\n<!-- \/ Yoast SEO plugin. -->","yoast_head_json":{"title":"Politique l\u00e9gale - Fondation Peter De Haan","robots":{"index":"noindex","follow":"follow","max-snippet":"max-snippet:-1","max-image-preview":"max-image-preview:large","max-video-preview":"max-video-preview:-1"},"og_locale":"fr_FR","og_type":"article","og_title":"Politique l\u00e9gale - Fondation Peter De Haan","og_description":"Politique l\u00e9gale Politique l\u00e9gale Ce site web est la propri\u00e9t\u00e9 de la Fondation Peter De Haan, dont le si\u00e8ge social [&hellip;]","og_url":"https:\/\/fondationpdh.org\/fr\/politique-legale\/","og_site_name":"Fondation Peter De Haan","article_modified_time":"2025-05-30T07:22:46+00:00","twitter_card":"summary_large_image","twitter_misc":{"Dur\u00e9e de lecture estim\u00e9e":"6 minutes"},"schema":{"@context":"https:\/\/schema.org","@graph":[{"@type":"WebPage","@id":"https:\/\/fondationpdh.org\/fr\/politique-legale\/","url":"https:\/\/fondationpdh.org\/fr\/politique-legale\/","name":"Politique l\u00e9gale - Fondation Peter De Haan","isPartOf":{"@id":"https:\/\/fondationpdh.org\/fr\/#website"},"datePublished":"2025-03-17T09:52:57+00:00","dateModified":"2025-05-30T07:22:46+00:00","breadcrumb":{"@id":"https:\/\/fondationpdh.org\/fr\/politique-legale\/#breadcrumb"},"inLanguage":"fr-FR","potentialAction":[{"@type":"ReadAction","target":["https:\/\/fondationpdh.org\/fr\/politique-legale\/"]}]},{"@type":"BreadcrumbList","@id":"https:\/\/fondationpdh.org\/fr\/politique-legale\/#breadcrumb","itemListElement":[{"@type":"ListItem","position":1,"name":"Portada","item":"https:\/\/fondationpdh.org\/fr\/"},{"@type":"ListItem","position":2,"name":"Politique l\u00e9gale"}]},{"@type":"WebSite","@id":"https:\/\/fondationpdh.org\/fr\/#website","url":"https:\/\/fondationpdh.org\/fr\/","name":"Fondation Peter De Haan","description":"","publisher":{"@id":"https:\/\/fondationpdh.org\/fr\/#organization"},"potentialAction":[{"@type":"SearchAction","target":{"@type":"EntryPoint","urlTemplate":"https:\/\/fondationpdh.org\/fr\/?s={search_term_string}"},"query-input":{"@type":"PropertyValueSpecification","valueRequired":true,"valueName":"search_term_string"}}],"inLanguage":"fr-FR"},{"@type":"Organization","@id":"https:\/\/fondationpdh.org\/fr\/#organization","name":"Fondation Peter De Haan","url":"https:\/\/fondationpdh.org\/fr\/","logo":{"@type":"ImageObject","inLanguage":"fr-FR","@id":"https:\/\/fondationpdh.org\/fr\/#\/schema\/logo\/image\/","url":"https:\/\/fondationpdh.org\/wp-content\/uploads\/2025\/03\/Isotype_PeterDeHaan.png","contentUrl":"https:\/\/fondationpdh.org\/wp-content\/uploads\/2025\/03\/Isotype_PeterDeHaan.png","width":2116,"height":671,"caption":"Fondation Peter De Haan"},"image":{"@id":"https:\/\/fondationpdh.org\/fr\/#\/schema\/logo\/image\/"}}]}},"_links":{"self":[{"href":"https:\/\/fondationpdh.org\/fr\/wp-json\/wp\/v2\/pages\/320","targetHints":{"allow":["GET"]}}],"collection":[{"href":"https:\/\/fondationpdh.org\/fr\/wp-json\/wp\/v2\/pages"}],"about":[{"href":"https:\/\/fondationpdh.org\/fr\/wp-json\/wp\/v2\/types\/page"}],"author":[{"embeddable":true,"href":"https:\/\/fondationpdh.org\/fr\/wp-json\/wp\/v2\/users\/2"}],"replies":[{"embeddable":true,"href":"https:\/\/fondationpdh.org\/fr\/wp-json\/wp\/v2\/comments?post=320"}],"version-history":[{"count":4,"href":"https:\/\/fondationpdh.org\/fr\/wp-json\/wp\/v2\/pages\/320\/revisions"}],"predecessor-version":[{"id":330,"href":"https:\/\/fondationpdh.org\/fr\/wp-json\/wp\/v2\/pages\/320\/revisions\/330"}],"wp:attachment":[{"href":"https:\/\/fondationpdh.org\/fr\/wp-json\/wp\/v2\/media?parent=320"}],"curies":[{"name":"wp","href":"https:\/\/api.w.org\/{rel}","templated":true}]}}