{"id":294,"date":"2025-03-10T12:51:03","date_gmt":"2025-03-10T12:51:03","guid":{"rendered":"https:\/\/fondationpdh.org\/?page_id=294"},"modified":"2025-05-29T07:58:23","modified_gmt":"2025-05-29T07:58:23","slug":"datenschutzhinweis","status":"publish","type":"page","link":"https:\/\/fondationpdh.org\/de\/datenschutzhinweis\/","title":{"rendered":"Datenschutzhinweis"},"content":{"rendered":"\t\t<div data-elementor-type=\"wp-page\" data-elementor-id=\"294\" class=\"elementor elementor-294 elementor-3\" data-elementor-post-type=\"page\">\n\t\t\t\t<div class=\"elementor-element elementor-element-0e8b7b4 e-flex e-con-boxed e-con e-parent\" data-id=\"0e8b7b4\" data-element_type=\"container\" data-e-type=\"container\">\n\t\t\t\t\t<div class=\"e-con-inner\">\n\t\t<div class=\"elementor-element elementor-element-6cc0276 e-con-full e-flex e-con e-child\" data-id=\"6cc0276\" data-element_type=\"container\" data-e-type=\"container\">\n\t\t\t\t<div class=\"elementor-element elementor-element-ed9179d elementor-widget elementor-widget-text-editor\" data-id=\"ed9179d\" data-element_type=\"widget\" data-e-type=\"widget\" data-widget_type=\"text-editor.default\">\n\t\t\t\t<div class=\"elementor-widget-container\">\n\t\t\t\t\t\t\t\t\t<p><a href=\"#_Toc196907703\">1.\u00a0 Worum geht es in diesem Datenschutzhinweis?<\/a><\/p>\n<p><a href=\"#_Toc196907704\">2. Wer ist der Verantwortliche f\u00fcr die Datenverarbeitung?<\/a><\/p>\n<p><a href=\"#_Toc196907705\">3. Wie verarbeiten wir Daten im Zusammenhang mit unseren Aktivit\u00e4ten?<\/a><\/p>\n<p><a href=\"#_Toc196907706\">4. Wie verarbeiten wir Daten im Zusammenhang mit Werbung?<\/a><\/p>\n<p><a href=\"#_Toc196907707\">5. Wie geben wir personenbezogene Daten weiter?<\/a><\/p>\n<p><a href=\"#_Toc196907708\">6. K\u00f6nnen wir Daten ins Ausland weitergeben?<\/a><\/p>\n<p><a href=\"#_Toc196907709\">7. Wie verarbeiten wir Daten im Zusammenhang mit unserer Website?<\/a><\/p>\n<p><a href=\"#_Toc196907710\">8. Gibt es weitere Verarbeitungszwecke?<\/a><\/p>\n<p><a href=\"#_Toc196907711\">9. Wie sch\u00fctzen wir Ihre Daten?<\/a><\/p>\n<p><a href=\"#_Toc196907712\">10. Wie lange verarbeiten wir personenbezogene Daten?<\/a><\/p>\n<p><a href=\"#_Toc196907713\">11. Was muss sonst noch beachtet werden?<\/a><\/p>\n<p><a href=\"#_Toc196907714\">12. Welche Rechte haben Sie?<\/a><\/p>\n<p><strong>\u00a0<\/strong><\/p>\n<h3><a name=\"_Toc196907703\"><\/a>1. Worum geht es in diesem Datenschutzhinweis?<\/h3>\n<p>In diesem Datenschutzhinweis wird erl\u00e4utert, wie wir personenbezogene Daten verarbeiten, vor allem im Zusammenhang mit unserem Gesch\u00e4ft und unserer Website. Wenn Sie weitere Informationen \u00fcber unsere Datenverarbeitung w\u00fcnschen, k\u00f6nnen Sie sich gerne an uns wenden (Abschnitt 2 ). &#8222;Personenbezogene Daten&#8220; sind alle Informationen, die mit einer bestimmten Person in Verbindung gebracht werden k\u00f6nnen, und &#8222;Verarbeitung&#8220; ist jeder Umgang mit personenbezogenen Daten, z. B. das Sammeln, Verwenden und Weitergeben.<\/p>\n<h3>2.<a name=\"_Toc196907704\"><\/a> Wer ist der Verantwortliche f\u00fcr die Datenverarbeitung?<\/h3>\n<p>F\u00fcr jede Datenverarbeitungsaktivit\u00e4t gibt es eine Partei, die in erster Linie f\u00fcr die Einhaltung der Vorschriften verantwortlich ist, den &#8222;Verantwortlichen&#8220;. F\u00fcr die in diesem Datenschutzhinweis beschriebene Verarbeitung ist der f\u00fcr die Verarbeitung Verantwortliche (auch als &#8222;wir&#8220; bezeichnet):<\/p>\n<p>Fondation Peter de Haan (CHE-307.750.204), c\/o Walder Wyss SA, succursale de Gen\u00e8ve, Rue du Rh\u00f4ne 14, 1204 Gen\u00e8ve, Schweiz<\/p>\n<p>Wenn Sie Fragen zum Datenschutz haben, k\u00f6nnen Sie uns unter folgender Adresse kontaktieren:<\/p>\n<p>c\/o Walder Wyss SA, succursale de Gen\u00e8ve, Rue du Rh\u00f4ne 14, 1204 Gen\u00e8ve, Schweiz und <a href=\"mailto:info@fondationpdh.org\">info@fondationpdh.org<\/a>.<\/p>\n<p>Sie k\u00f6nnen uns Daten \u00fcber andere Personen zur Verf\u00fcgung stellen (z. B. wenn Sie uns personenbezogene Daten \u00fcber Dritte mitteilen). Wir gehen davon aus, dass diese Daten korrekt sind und dass Sie berechtigt sind, sie uns mitzuteilen. Da wir diese Personen nicht direkt kontaktieren oder sie \u00fcber unsere Datenverarbeitung informieren d\u00fcrfen, bitten wir Sie, dies zu tun (z. B. indem Sie sie auf diesen Datenschutzhinweis hinweisen).<\/p>\n<h3>3.<a name=\"_Toc196907705\"><\/a> Wie verarbeiten wir Daten im Zusammenhang mit unseren Aktivit\u00e4ten?<\/h3>\n<p>Wenn Sie unsere Produkte und Dienstleistungen (zusammenfassend &#8222;Dienstleistungen&#8220;) nutzen, verarbeiten wir Daten f\u00fcr das Onboarding, den Abschluss von Dienstleistungsvereinbarungen und deren Durchf\u00fchrung und Verwaltung:<\/p>\n<ul>\n<li>Wir k\u00f6nnen f\u00fcr unsere Aktivit\u00e4ten werben, z. B. in Newslettern. Weitere Einzelheiten sind in Abschnitt 4 aufgef\u00fchrt.<\/li>\n<li>Wenn wir mit Ihnen im Hinblick auf einen Vertrag in Kontakt stehen. Dabei handelt es sich meist um Daten, die Sie uns zur Verf\u00fcgung stellen, z. B. Ihren Namen, Ihre Kontaktdaten oder Ihr Geburtsdatum, Einzelheiten zu den angeforderten Dienstleistungen und das Datum der Vereinbarung.<\/li>\n<li>Wenn wir einen Vertrag mit Ihnen abschlie\u00dfen, verarbeiten wir die Daten aus dem Onboarding und Informationen \u00fcber den Vertrag (z.B. das Datum und den Inhalt des Vertrages).<\/li>\n<li>Wir verarbeiten personenbezogene Daten w\u00e4hrend und nach dem Vertrag, einschlie\u00dflich Einzelheiten \u00fcber Zahlungen, Interaktionen, Ergebnisse von Projekten, die sich aus dem Vertrag ergeben (z. B. Wohlt\u00e4tigkeitsveranstaltungen, Zusch\u00fcsse), Beendigung des Vertrags und damit verbundene Streitigkeiten oder Verfahren. Diese Datenverarbeitungsaktivit\u00e4ten sind f\u00fcr die Erf\u00fcllung des Vertrags erforderlich.<\/li>\n<li>Wir verarbeiten die oben genannten Daten auch zu statistischen Zwecken. Diese Statistiken dienen der Verbesserung und Weiterentwicklung unserer Strategie und Aktivit\u00e4ten. Wir k\u00f6nnen diese Daten auch auf identifizierbarer Basis f\u00fcr Marketingzwecke verwenden; siehe Abschnitt 4 f\u00fcr weitere Einzelheiten.<\/li>\n<\/ul>\n<p>F\u00fcr Unternehmenspartner verarbeiten wir beschr\u00e4nkte personenbezogene Daten, da das Datenschutzrecht nur f\u00fcr nat\u00fcrliche Personen gilt. Wir verarbeiten jedoch Daten von Einzelpersonen, mit denen wir zusammenarbeiten, wie Namen, Kontaktdaten, berufliche Informationen, Details zur Kommunikation und Informationen \u00fcber F\u00fchrungskr\u00e4fte, als Teil der allgemeinen Daten \u00fcber Unternehmen, mit denen wir zusammenarbeiten.<\/p>\n<h3>4.<a name=\"_Toc196907706\"><\/a> Wie verarbeiten wir Daten im Zusammenhang mit Werbung?<\/h3>\n<p>Wir verarbeiten personenbezogene Daten auch, um Werbung zu machen oder allgemein auf unsere Aktivit\u00e4ten aufmerksam zu machen:<\/p>\n<ul>\n<li><strong>Newsletter<\/strong>: Wir verschicken elektronische Informationen und Newsletter, die auch Werbung f\u00fcr unsere Aktivit\u00e4ten enthalten k\u00f6nnen. Wir werden Sie um Ihre Zustimmung bitten, bevor wir elektronisches Marketing verschicken, au\u00dfer f\u00fcr bestimmte Angebote an bestehende Kunden.<\/li>\n<li><strong>Einladungen<\/strong>: Wir verschicken Einladungen zu Veranstaltungen, die wir organisieren.<\/li>\n<li><strong>Marktforschung<\/strong>: Wir verarbeiten Daten, um unsere \u00d6ffentlichkeitsarbeit zu verbessern und weiterzuentwickeln und die \u00d6ffentlichkeit auf unsere Aktivit\u00e4ten aufmerksam zu machen, z. B. durch Informationen \u00fcber Zusch\u00fcsse und wohlt\u00e4tige Aktivit\u00e4ten. Dies kann Reaktionen auf Newsletter, Umfragen, Abstimmungen, soziale Medien, Medienbeobachtungsdienste und \u00f6ffentliche Quellen umfassen.<\/li>\n<\/ul>\n<h3>5.<a name=\"_Toc175843338\"><\/a><a name=\"_Toc196907707\"><\/a> Wie geben wir personenbezogene Daten weiter?<\/h3>\n<p>Im Rahmen unserer T\u00e4tigkeit k\u00f6nnen wir personenbezogene Daten an unterschiedliche Stellen weitergeben. Dazu geh\u00f6ren die folgenden Kategorien:<\/p>\n<ul>\n<li>Personen, die mit Ihnen in Verbindung stehen, z. B. Bevollm\u00e4chtigte, B\u00fcrgen, Stellvertreter und Verwandte, und im Falle von Ansprechpartnern von Unternehmen, Mitarbeiter und das Unternehmen selbst;<\/li>\n<li>Wenn wir Vermittler f\u00fcr unsere Aktivit\u00e4ten beauftragen, k\u00f6nnen wir Ihre Daten an diese weitergeben, um einen direkten Kontakt mit Ihnen zu erm\u00f6glichen;<\/li>\n<li>Auskunfteien und Anbieter von Sanktionslisten und anderen Datenbanken, an die wir im Rahmen eines Auskunftsersuchens die erforderlichen Informationen \u00fcber Sie weitergeben k\u00f6nnen;<\/li>\n<li>\u00c4mter, Beh\u00f6rden und Gerichte im Rahmen unserer gesetzlichen Verpflichtungen und im Zusammenhang mit Verfahren, an denen wir als Partei oder Dritter beteiligt sind;<\/li>\n<li>Dritte, z.B. im Zusammenhang mit dem Erwerb oder der Ver\u00e4u\u00dferung von Verm\u00f6genswerten durch uns;<\/li>\n<li>Dienstleister, insbesondere f\u00fcr IT-Dienstleistungen (z. B. Speicherplatz, Softwaredienste, Support und Wartung), Verwaltungs- und Beratungsdienste, Versand- und Logistikdienste oder Dienstleistungen von Banken, der Post usw. Diese Dienstleister d\u00fcrfen personenbezogene Daten im erforderlichen Umfang verarbeiten. F\u00fcr die f\u00fcr unsere Website eingesetzten Anbieter siehe Abschnitt 7.<\/li>\n<\/ul>\n<h3>6.<a name=\"_Toc196907708\"><\/a><a name=\"_Toc196835044\"><\/a><a name=\"_Toc196835045\"><\/a><a name=\"_Toc196835046\"><\/a> K\u00f6nnen wir Daten ins Ausland weitergeben?<\/h3>\n<p>Nicht alle Datenempf\u00e4nger befinden sich in der Schweiz. Dazu geh\u00f6ren gewisse Dienstleistungsanbieter, insbesondere im IT-Bereich. Diese Dienstleister k\u00f6nnen in der EU oder im EWR oder in anderen L\u00e4ndern weltweit ans\u00e4ssig sein. Wir k\u00f6nnen auch Daten an ausl\u00e4ndische Beh\u00f6rden weitergeben, wenn dies gesetzlich vorgeschrieben ist oder im Zusammenhang mit dem Verkauf von Verm\u00f6genswerten oder Gerichtsverfahren (siehe Abschnitt 10). Nicht alle diese L\u00e4nder bieten einen angemessenen Datenschutz. Um diesem Umstand Rechnung zu tragen, setzen wir geeignete Schutzma\u00dfnahmen ein, insbesondere die EU-Standardvertragsklauseln, die <a href=\"https:\/\/eur-lex.europa.eu\/legal-content\/EN\/TXT\/HTML\/?uri=CELEX:32021D0914#anx_1\" target=\"_blank\" rel=\"noopener\">hier abrufbar sind<\/a>.\u00a0\u00a0 \u00a0In einigen F\u00e4llen k\u00f6nnen Daten ohne solche Schutzma\u00dfnahmen ins Ausland weitergegeben werden, wenn dies nach geltendem Recht zul\u00e4ssig ist &#8211; beispielsweise mit Ihrer Zustimmung oder wenn dies zur Erf\u00fcllung eines Vertrags, zur Geltendmachung oder Verteidigung von Rechtsanspr\u00fcchen oder zur Wahrung \u00fcberwiegender \u00f6ffentlicher Interessen erforderlich ist.<\/p>\n<h3>7.<a name=\"_Toc196907709\"><\/a> Wie verarbeiten wir Daten im Zusammenhang mit unserer Website?<\/h3>\n<p>Aus technischen Gr\u00fcnden werden bei jeder Nutzung unserer Website bestimmte Daten vor\u00fcbergehend in Protokolldateien gespeichert, darunter die IP-Adresse Ihres Ger\u00e4ts, Informationen \u00fcber Ihren Internetdienstanbieter, Ihr Betriebssystem, Ihren Browser, die verweisende URL, Datum und Uhrzeit des Zugriffs sowie die aufgerufenen Inhalte. Wir nutzen diese Daten zum Betrieb der Website, zur Gew\u00e4hrleistung der Sicherheit und Stabilit\u00e4t, zur Optimierung der Website und f\u00fcr statistische Zwecke.<\/p>\n<p>Unsere Website verwendet Cookies &#8211; kleine Dateien, die von Ihrem Browser auf Ihrem Ger\u00e4t gespeichert werden. Diese erm\u00f6glichen es uns, einzelne Besucher zu unterscheiden, in der Regel ohne sie zu identifizieren. Cookies k\u00f6nnen Informationen \u00fcber den Zugriff auf Inhalte und die Besuchsdauer enthalten. Einige Cookies (&#8222;Sitzungs-Cookies&#8220;) werden gel\u00f6scht, wenn Sie Ihren Browser schlie\u00dfen, w\u00e4hrend andere (&#8222;dauerhafte Cookies&#8220;) f\u00fcr einen bestimmten Zeitraum bleiben, um wiederkehrende Besucher zu erkennen.<\/p>\n<p>Sie k\u00f6nnen Ihren Browser so einstellen, dass bestimmte Cookies blockiert oder Cookies und andere gespeicherte Daten gel\u00f6scht werden. Weitere Informationen finden Sie auf den Hilfeseiten Ihres Browsers (normalerweise unter &#8222;Datenschutz&#8220;).<\/p>\n<p>Bitte beachten Sie: Wir verwenden keine Analyse- oder Tracking-Tools wie z. B. Google Analytics. Alle durch Cookies gesammelten Daten beschr\u00e4nken sich auf wesentliche technische Informationen und werden nicht zur Profilerstellung oder f\u00fcr Marketingzwecke verwendet.<\/p>\n<h3>8.<a name=\"_Toc196907710\"><\/a><a name=\"_Toc196835049\"><\/a><a name=\"_Toc196835050\"><\/a><a name=\"_Toc196835051\"><\/a><a name=\"_Toc196835052\"><\/a><a name=\"_Toc196835053\"><\/a><a name=\"_Toc196835054\"><\/a><a name=\"_Toc196835055\"><\/a><a name=\"_Toc196835056\"><\/a><a name=\"_Toc196835057\"><\/a> Gibt es weitere Verarbeitungszwecke?<\/h3>\n<p>Ja. Typische (wenn auch nicht unbedingt h\u00e4ufige) F\u00e4lle sind die folgenden:<\/p>\n<ul>\n<li><strong>Kommunikation<\/strong>: Wenn wir mit Ihnen in Kontakt stehen, verarbeiten wir den Inhalt sowie Informationen \u00fcber die Art, die Zeit und den Ort der Kommunikation. Zu Ihrer Identifizierung k\u00f6nnen wir auch Informationen \u00fcber einen Identit\u00e4tsnachweis verarbeiten.<\/li>\n<li><strong>Bewerbungen<\/strong>: Wir verarbeiten personenbezogene Daten, die von den Bewerbern w\u00e4hrend des Bewerbungsverfahrens zur Verf\u00fcgung gestellt werden, einschlie\u00dflich Kontaktdaten, Lebensl\u00e4ufe, Referenzen und andere Unterlagen. Diese Daten werden verwendet, um die Eignung f\u00fcr die Stelle zu beurteilen, mit den Bewerbern zu kommunizieren und den Einstellungsprozess zu verwalten. Falls erforderlich, k\u00f6nnen die Daten in \u00dcbereinstimmung mit dem geltenden Recht an Dritte weitergegeben werden, z. B. an Anbieter von Hintergrund\u00fcberpr\u00fcfungen. Bewerberdaten werden sicher gespeichert und nur so lange aufbewahrt, wie es f\u00fcr das Einstellungsverfahren erforderlich ist oder wie es gesetzlich vorgeschrieben ist. Erfolglose Bewerbungen werden nach einer angemessenen Aufbewahrungsfrist gel\u00f6scht, es sei denn, es liegt eine Einwilligung f\u00fcr eine l\u00e4ngere Speicherung vor.<\/li>\n<li><strong>Einhaltung gesetzlicher Vorschriften<\/strong>: Wir k\u00f6nnen Daten an Beh\u00f6rden weitergeben, wenn dies gesetzlich vorgeschrieben ist, oder um interne Vorschriften zu erf\u00fcllen.<\/li>\n<li><strong>Pr\u00e4vention<\/strong>: Die Daten werden verarbeitet, um Straftaten oder Missbrauch zu verhindern, z. B. zur Betrugsbek\u00e4mpfung oder f\u00fcr interne Untersuchungen.<\/li>\n<li><strong>Rechtsverfahren<\/strong>: Wenn wir in Rechtsverfahren (z. B. vor Gericht oder Verwaltungsbeh\u00f6rden) involviert sind, verarbeiten und legen wir Daten \u00fcber Parteien, Zeugen und andere Beteiligte gegen\u00fcber Gerichten, Beh\u00f6rden oder anderen relevanten Stellen, auch im Ausland, offen.<\/li>\n<li><strong>IT-Sicherheit<\/strong>: Wir verarbeiten Daten, um die IT-Infrastruktur zu \u00fcberwachen, zu kontrollieren, zu analysieren, zu sichern und zu bewerten sowie Backups und Archive zu verwalten.<\/li>\n<li><strong>Auswirkungen unserer Aktivit\u00e4ten<\/strong>: Wir verarbeiten Daten, um die positiven Auswirkungen unserer Aktivit\u00e4ten zu verfolgen und festzustellen. Dies kann Daten \u00fcber Schl\u00fcsselpersonen (einschlie\u00dflich Namen und Kontaktangaben) und \u00f6ffentliche Erkl\u00e4rungen umfassen.<\/li>\n<li><strong>Investitionen und Zusch\u00fcsse<\/strong>: Wir verarbeiten Daten zur Vorbereitung und Durchf\u00fchrung von Transaktionen, einschlie\u00dflich der Offenlegung von Kunden- oder Mitarbeiterdaten gegen\u00fcber potenziellen K\u00e4ufern oder Verk\u00e4ufern.<\/li>\n<li><strong>Andere Zwecke<\/strong>: Die Daten werden zu Schulungs- und Verwaltungszwecken (z. B. Vertragsmanagement, Buchhaltung, Schadensmanagement, Prozessverbesserung), f\u00fcr anonyme Statistiken oder zur Wahrung anderer berechtigter Interessen verarbeitet.<\/li>\n<\/ul>\n<h3>9.<a name=\"_Toc196907711\"><\/a> Wie sch\u00fctzen wir Ihre Daten?<\/h3>\n<p>Wir setzen geeignete technische und organisatorische Ma\u00dfnahmen ein, um die Sicherheit Ihrer personenbezogenen Daten in einem angemessenen Verh\u00e4ltnis zum jeweiligen Risiko zu gew\u00e4hrleisten. Eine absolute Datensicherheit kann jedoch nicht garantiert werden, und es k\u00f6nnen gewisse Restrisiken verbleiben.<\/p>\n<h3>10.<a name=\"_Toc196907712\"><\/a> Wie lange verarbeiten wir personenbezogene Daten?<\/h3>\n<p>Wir verarbeiten Ihre personenbezogenen Daten so lange, wie es f\u00fcr den jeweiligen Zweck erforderlich ist (z. B. bei Vertr\u00e4gen in der Regel f\u00fcr die Dauer des Vertragsverh\u00e4ltnisses), wie wir ein berechtigtes Interesse an der Aufbewahrung haben (z. B. zur Durchsetzung von Rechtsanspr\u00fcchen, zur Archivierung oder zur IT-Sicherheit) oder wie es die gesetzlichen Aufbewahrungspflichten erfordern (z. B. eine zehnj\u00e4hrige Aufbewahrungsfrist f\u00fcr bestimmte Daten). Nach Ablauf dieser Fristen l\u00f6schen oder anonymisieren wir Ihre Daten.<\/p>\n<h3>11.<a name=\"_Toc196907713\"><\/a> Was muss sonst noch beachtet werden?<\/h3>\n<p><a name=\"_Toc65327658\"><\/a>Je nach geltendem Recht ist die Datenverarbeitung nur zul\u00e4ssig, wenn sie ausdr\u00fccklich genehmigt wurde. Diese Einschr\u00e4nkung gilt nicht nach dem schweizerischen Datenschutzgesetz, wohl aber nach der europ\u00e4ischen Datenschutz-Grundverordnung (DSGVO), sofern anwendbar. In solchen F\u00e4llen st\u00fctzen wir uns auf die folgenden Rechtsgrundlagen f\u00fcr die Verarbeitung Ihrer personenbezogenen Daten:<\/p>\n<ul>\n<li>6 Abs.. 1 lit. b DSGVO f\u00fcr Verarbeitungen, die zur Erf\u00fcllung eines Vertrags mit der betroffenen Person oder zur Durchf\u00fchrung vorvertraglicher Ma\u00dfnahmen erforderlich sind (siehe Abs. 3).<\/li>\n<li>6 Abs.. 1 lit. f DSGVO (und Art. 9 Abs. 2 lit. f DSGVO f\u00fcr besondere Datenkategorien, falls zutreffend) f\u00fcr Verarbeitungen, die zur Wahrung unserer berechtigten Interessen oder der Interessen Dritter erforderlich sind, sofern nicht die Grundrechte und Grundfreiheiten der betroffenen Person \u00fcberwiegen. Dazu geh\u00f6rt auch die Einhaltung des Schweizer Rechts, um einen nachhaltigen, benutzerfreundlichen, sicheren und zuverl\u00e4ssigen Betriebsablauf zu unterst\u00fctzen.<\/li>\n<li>6 Abs.. 1 lit. c DSGVO f\u00fcr eine Verarbeitung, die zur Erf\u00fcllung einer rechtlichen Verpflichtung nach dem Recht eines EWR-Mitgliedstaates erforderlich ist. Der EWR umfasst die EU-Mitgliedstaaten, Island, Norwegen und Liechtenstein.<\/li>\n<li>6 Abs. 1 lit. a DSGVO (und Art. 9 Abs. 2 lit. b DSGVO f\u00fcr besondere Datenkategorien, falls zutreffend) f\u00fcr die Verarbeitung auf der Grundlage Ihrer gesonderten Einwilligung.<\/li>\n<\/ul>\n<p>Im Allgemeinen sind Sie nicht verpflichtet, uns Daten mitzuteilen, au\u00dfer in bestimmten F\u00e4llen (z. B. bei der Erf\u00fcllung vertraglicher Verpflichtungen, die eine Datenweitergabe erfordern). Es kann jedoch sein, dass wir Daten f\u00fcr gesetzliche oder vertragliche Zwecke verarbeiten m\u00fcssen. Auch die Nutzung unserer Website w\u00e4re ohne eine gewisse Datenverarbeitung nicht m\u00f6glich (siehe Abschnitt 7 ).<\/p>\n<h3>12.<a name=\"_Toc196907714\"><\/a> Welche Rechte haben Sie?<\/h3>\n<p>Sie haben bestimmte Rechte, die den Bedingungen und Einschr\u00e4nkungen des geltenden Rechts unterliegen:<\/p>\n<ul>\n<li>Sie k\u00f6nnen eine Kopie Ihrer pers\u00f6nlichen Daten und weitere Informationen \u00fcber unsere Datenverarbeitung anfordern.<\/li>\n<li>Sie k\u00f6nnen gegen unsere Datenverarbeitung Widerspruch einlegen.<\/li>\n<li>Sie k\u00f6nnen unrichtige oder unvollst\u00e4ndige personenbezogene Daten durch eine Widerspruchserkl\u00e4rung berichtigen, vervollst\u00e4ndigen oder erg\u00e4nzen lassen.<\/li>\n<li>Sie haben auch das Recht, die personenbezogenen Daten, die Sie uns zur Verf\u00fcgung gestellt haben, in einem strukturierten, g\u00e4ngigen und maschinenlesbaren Format zu erhalten, sofern die entsprechende Datenverarbeitung auf Ihrer Einwilligung beruht oder f\u00fcr die Vertragserf\u00fcllung erforderlich ist.<\/li>\n<li>Soweit wir Daten auf der Grundlage Ihrer Einwilligung verarbeiten, k\u00f6nnen Sie Ihre Einwilligung jederzeit widerrufen. Der Widerruf gilt nur f\u00fcr die Zukunft, und wir behalten uns vor, im Falle eines Widerrufs die Datenverarbeitung auf einer anderen Grundlage fortzusetzen.<\/li>\n<\/ul>\n<p>Wenn Sie von diesem Recht Gebrauch machen wollen, k\u00f6nnen Sie sich gerne an uns wenden (Abschnitt 2 ). In der Regel werden wir Ihre Identit\u00e4t \u00fcberpr\u00fcfen m\u00fcssen (z. B. anhand einer Kopie Ihres Personalausweises). Es steht Ihnen auch frei, bei der zust\u00e4ndigen Aufsichtsbeh\u00f6rde, in der Schweiz beim Eidgen\u00f6ssischen Datenschutz- und \u00d6ffentlichkeitsbeauftragten (ED\u00d6B), eine Beschwerde gegen die Bearbeitung Ihrer Daten durch uns einzureichen.<\/p>\t\t\t\t\t\t\t\t<\/div>\n\t\t\t\t<\/div>\n\t\t\t\t<\/div>\n\t\t\t\t\t<\/div>\n\t\t\t\t<\/div>\n\t\t\t\t<\/div>\n\t\t","protected":false},"excerpt":{"rendered":"<p>1.\u00a0 Worum geht es in diesem Datenschutzhinweis? 2. Wer ist der Verantwortliche f\u00fcr die Datenverarbeitung? 3. Wie verarbeiten wir Daten [&hellip;]<\/p>\n","protected":false},"author":2,"featured_media":0,"parent":0,"menu_order":0,"comment_status":"closed","ping_status":"open","template":"","meta":{"site-sidebar-layout":"default","site-content-layout":"","ast-site-content-layout":"default","site-content-style":"default","site-sidebar-style":"default","ast-global-header-display":"","ast-banner-title-visibility":"","ast-main-header-display":"","ast-hfb-above-header-display":"","ast-hfb-below-header-display":"","ast-hfb-mobile-header-display":"","site-post-title":"","ast-breadcrumbs-content":"","ast-featured-img":"","footer-sml-layout":"","ast-disable-related-posts":"","theme-transparent-header-meta":"","adv-header-id-meta":"","stick-header-meta":"","header-above-stick-meta":"","header-main-stick-meta":"","header-below-stick-meta":"","astra-migrate-meta-layouts":"default","ast-page-background-enabled":"default","ast-page-background-meta":{"desktop":{"background-color":"var(--ast-global-color-5)","background-image":"","background-repeat":"repeat","background-position":"center center","background-size":"auto","background-attachment":"scroll","background-type":"","background-media":"","overlay-type":"","overlay-color":"","overlay-opacity":"","overlay-gradient":""},"tablet":{"background-color":"","background-image":"","background-repeat":"repeat","background-position":"center center","background-size":"auto","background-attachment":"scroll","background-type":"","background-media":"","overlay-type":"","overlay-color":"","overlay-opacity":"","overlay-gradient":""},"mobile":{"background-color":"","background-image":"","background-repeat":"repeat","background-position":"center center","background-size":"auto","background-attachment":"scroll","background-type":"","background-media":"","overlay-type":"","overlay-color":"","overlay-opacity":"","overlay-gradient":""}},"ast-content-background-meta":{"desktop":{"background-color":"var(--ast-global-color-4)","background-image":"","background-repeat":"repeat","background-position":"center center","background-size":"auto","background-attachment":"scroll","background-type":"","background-media":"","overlay-type":"","overlay-color":"","overlay-opacity":"","overlay-gradient":""},"tablet":{"background-color":"var(--ast-global-color-4)","background-image":"","background-repeat":"repeat","background-position":"center center","background-size":"auto","background-attachment":"scroll","background-type":"","background-media":"","overlay-type":"","overlay-color":"","overlay-opacity":"","overlay-gradient":""},"mobile":{"background-color":"var(--ast-global-color-4)","background-image":"","background-repeat":"repeat","background-position":"center center","background-size":"auto","background-attachment":"scroll","background-type":"","background-media":"","overlay-type":"","overlay-color":"","overlay-opacity":"","overlay-gradient":""}},"footnotes":""},"class_list":["post-294","page","type-page","status-publish","hentry"],"yoast_head":"<!-- This site is optimized with the Yoast SEO plugin v27.2 - https:\/\/yoast.com\/product\/yoast-seo-wordpress\/ -->\n<title>Datenschutzhinweis - Fondation Peter De Haan<\/title>\n<meta name=\"robots\" content=\"noindex, follow, max-snippet:-1, max-image-preview:large, max-video-preview:-1\" \/>\n<meta property=\"og:locale\" content=\"de_DE\" \/>\n<meta property=\"og:type\" content=\"article\" \/>\n<meta property=\"og:title\" content=\"Datenschutzhinweis - Fondation Peter De Haan\" \/>\n<meta property=\"og:description\" content=\"1.\u00a0 Worum geht es in diesem Datenschutzhinweis? 2. Wer ist der Verantwortliche f\u00fcr die Datenverarbeitung? 3. Wie verarbeiten wir Daten [&hellip;]\" \/>\n<meta property=\"og:url\" content=\"https:\/\/fondationpdh.org\/de\/datenschutzhinweis\/\" \/>\n<meta property=\"og:site_name\" content=\"Fondation Peter De Haan\" \/>\n<meta property=\"article:modified_time\" content=\"2025-05-29T07:58:23+00:00\" \/>\n<meta name=\"twitter:card\" content=\"summary_large_image\" \/>\n<meta name=\"twitter:label1\" content=\"Gesch\u00e4tzte Lesezeit\" \/>\n\t<meta name=\"twitter:data1\" content=\"12\u00a0Minuten\" \/>\n<script type=\"application\/ld+json\" class=\"yoast-schema-graph\">{\"@context\":\"https:\/\/schema.org\",\"@graph\":[{\"@type\":\"WebPage\",\"@id\":\"https:\/\/fondationpdh.org\/de\/datenschutzhinweis\/\",\"url\":\"https:\/\/fondationpdh.org\/de\/datenschutzhinweis\/\",\"name\":\"Datenschutzhinweis - Fondation Peter De Haan\",\"isPartOf\":{\"@id\":\"https:\/\/fondationpdh.org\/de\/#website\"},\"datePublished\":\"2025-03-10T12:51:03+00:00\",\"dateModified\":\"2025-05-29T07:58:23+00:00\",\"breadcrumb\":{\"@id\":\"https:\/\/fondationpdh.org\/de\/datenschutzhinweis\/#breadcrumb\"},\"inLanguage\":\"de\",\"potentialAction\":[{\"@type\":\"ReadAction\",\"target\":[\"https:\/\/fondationpdh.org\/de\/datenschutzhinweis\/\"]}]},{\"@type\":\"BreadcrumbList\",\"@id\":\"https:\/\/fondationpdh.org\/de\/datenschutzhinweis\/#breadcrumb\",\"itemListElement\":[{\"@type\":\"ListItem\",\"position\":1,\"name\":\"Portada\",\"item\":\"https:\/\/fondationpdh.org\/de\/\"},{\"@type\":\"ListItem\",\"position\":2,\"name\":\"Datenschutzhinweis\"}]},{\"@type\":\"WebSite\",\"@id\":\"https:\/\/fondationpdh.org\/de\/#website\",\"url\":\"https:\/\/fondationpdh.org\/de\/\",\"name\":\"Fondation Peter De Haan\",\"description\":\"\",\"publisher\":{\"@id\":\"https:\/\/fondationpdh.org\/de\/#organization\"},\"potentialAction\":[{\"@type\":\"SearchAction\",\"target\":{\"@type\":\"EntryPoint\",\"urlTemplate\":\"https:\/\/fondationpdh.org\/de\/?s={search_term_string}\"},\"query-input\":{\"@type\":\"PropertyValueSpecification\",\"valueRequired\":true,\"valueName\":\"search_term_string\"}}],\"inLanguage\":\"de\"},{\"@type\":\"Organization\",\"@id\":\"https:\/\/fondationpdh.org\/de\/#organization\",\"name\":\"Fondation Peter De Haan\",\"url\":\"https:\/\/fondationpdh.org\/de\/\",\"logo\":{\"@type\":\"ImageObject\",\"inLanguage\":\"de\",\"@id\":\"https:\/\/fondationpdh.org\/de\/#\/schema\/logo\/image\/\",\"url\":\"https:\/\/fondationpdh.org\/wp-content\/uploads\/2025\/03\/Isotype_PeterDeHaan.png\",\"contentUrl\":\"https:\/\/fondationpdh.org\/wp-content\/uploads\/2025\/03\/Isotype_PeterDeHaan.png\",\"width\":2116,\"height\":671,\"caption\":\"Fondation Peter De Haan\"},\"image\":{\"@id\":\"https:\/\/fondationpdh.org\/de\/#\/schema\/logo\/image\/\"}}]}<\/script>\n<!-- \/ Yoast SEO plugin. -->","yoast_head_json":{"title":"Datenschutzhinweis - Fondation Peter De Haan","robots":{"index":"noindex","follow":"follow","max-snippet":"max-snippet:-1","max-image-preview":"max-image-preview:large","max-video-preview":"max-video-preview:-1"},"og_locale":"de_DE","og_type":"article","og_title":"Datenschutzhinweis - Fondation Peter De Haan","og_description":"1.\u00a0 Worum geht es in diesem Datenschutzhinweis? 2. Wer ist der Verantwortliche f\u00fcr die Datenverarbeitung? 3. Wie verarbeiten wir Daten [&hellip;]","og_url":"https:\/\/fondationpdh.org\/de\/datenschutzhinweis\/","og_site_name":"Fondation Peter De Haan","article_modified_time":"2025-05-29T07:58:23+00:00","twitter_card":"summary_large_image","twitter_misc":{"Gesch\u00e4tzte Lesezeit":"12\u00a0Minuten"},"schema":{"@context":"https:\/\/schema.org","@graph":[{"@type":"WebPage","@id":"https:\/\/fondationpdh.org\/de\/datenschutzhinweis\/","url":"https:\/\/fondationpdh.org\/de\/datenschutzhinweis\/","name":"Datenschutzhinweis - Fondation Peter De Haan","isPartOf":{"@id":"https:\/\/fondationpdh.org\/de\/#website"},"datePublished":"2025-03-10T12:51:03+00:00","dateModified":"2025-05-29T07:58:23+00:00","breadcrumb":{"@id":"https:\/\/fondationpdh.org\/de\/datenschutzhinweis\/#breadcrumb"},"inLanguage":"de","potentialAction":[{"@type":"ReadAction","target":["https:\/\/fondationpdh.org\/de\/datenschutzhinweis\/"]}]},{"@type":"BreadcrumbList","@id":"https:\/\/fondationpdh.org\/de\/datenschutzhinweis\/#breadcrumb","itemListElement":[{"@type":"ListItem","position":1,"name":"Portada","item":"https:\/\/fondationpdh.org\/de\/"},{"@type":"ListItem","position":2,"name":"Datenschutzhinweis"}]},{"@type":"WebSite","@id":"https:\/\/fondationpdh.org\/de\/#website","url":"https:\/\/fondationpdh.org\/de\/","name":"Fondation Peter De Haan","description":"","publisher":{"@id":"https:\/\/fondationpdh.org\/de\/#organization"},"potentialAction":[{"@type":"SearchAction","target":{"@type":"EntryPoint","urlTemplate":"https:\/\/fondationpdh.org\/de\/?s={search_term_string}"},"query-input":{"@type":"PropertyValueSpecification","valueRequired":true,"valueName":"search_term_string"}}],"inLanguage":"de"},{"@type":"Organization","@id":"https:\/\/fondationpdh.org\/de\/#organization","name":"Fondation Peter De Haan","url":"https:\/\/fondationpdh.org\/de\/","logo":{"@type":"ImageObject","inLanguage":"de","@id":"https:\/\/fondationpdh.org\/de\/#\/schema\/logo\/image\/","url":"https:\/\/fondationpdh.org\/wp-content\/uploads\/2025\/03\/Isotype_PeterDeHaan.png","contentUrl":"https:\/\/fondationpdh.org\/wp-content\/uploads\/2025\/03\/Isotype_PeterDeHaan.png","width":2116,"height":671,"caption":"Fondation Peter De Haan"},"image":{"@id":"https:\/\/fondationpdh.org\/de\/#\/schema\/logo\/image\/"}}]}},"_links":{"self":[{"href":"https:\/\/fondationpdh.org\/de\/wp-json\/wp\/v2\/pages\/294","targetHints":{"allow":["GET"]}}],"collection":[{"href":"https:\/\/fondationpdh.org\/de\/wp-json\/wp\/v2\/pages"}],"about":[{"href":"https:\/\/fondationpdh.org\/de\/wp-json\/wp\/v2\/types\/page"}],"author":[{"embeddable":true,"href":"https:\/\/fondationpdh.org\/de\/wp-json\/wp\/v2\/users\/2"}],"replies":[{"embeddable":true,"href":"https:\/\/fondationpdh.org\/de\/wp-json\/wp\/v2\/comments?post=294"}],"version-history":[{"count":7,"href":"https:\/\/fondationpdh.org\/de\/wp-json\/wp\/v2\/pages\/294\/revisions"}],"predecessor-version":[{"id":307,"href":"https:\/\/fondationpdh.org\/de\/wp-json\/wp\/v2\/pages\/294\/revisions\/307"}],"wp:attachment":[{"href":"https:\/\/fondationpdh.org\/de\/wp-json\/wp\/v2\/media?parent=294"}],"curies":[{"name":"wp","href":"https:\/\/api.w.org\/{rel}","templated":true}]}}